{"id":141,"date":"2016-11-08T11:22:07","date_gmt":"2016-11-08T11:22:07","guid":{"rendered":"https:\/\/raratheme.com\/preview\/numinous\/?page_id=141"},"modified":"2025-10-05T08:56:07","modified_gmt":"2025-10-05T08:56:07","slug":"my-trip-to-greece","status":"publish","type":"page","link":"https:\/\/escolaj.com\/index.php\/my-trip-to-greece\/","title":{"rendered":"Mi viaje a Croacia"},"content":{"rendered":"<p data-start=\"261\" data-end=\"503\"><strong data-start=\"261\" data-end=\"272\">Croacia<\/strong> es un pa\u00eds situado en el cruce entre Europa Central, el Sudeste de Europa y el Mediterr\u00e1neo.<br data-start=\"376\" data-end=\"379\" \/>Su capital es <strong data-start=\"393\" data-end=\"403\">Zagreb<\/strong>, que constituye una de las principales subdivisiones del pa\u00eds, junto con sus <strong data-start=\"481\" data-end=\"500\">veinte condados<\/strong>.<\/p>\n<p data-start=\"505\" data-end=\"795\">Croacia tiene una superficie de <strong data-start=\"537\" data-end=\"568\">56.594 kil\u00f3metros cuadrados<\/strong> y presenta una gran diversidad clim\u00e1tica, predominantemente <strong data-start=\"629\" data-end=\"659\">continental y mediterr\u00e1nea<\/strong>. La costa croata del <strong data-start=\"683\" data-end=\"700\">mar Adri\u00e1tico<\/strong> cuenta con <strong data-start=\"712\" data-end=\"732\">m\u00e1s de mil islas<\/strong>, lo que la convierte en una de las m\u00e1s recortadas de Europa. El pa\u00eds cuenta con una poblaci\u00f3n de aproximadamente <strong data-start=\"849\" data-end=\"880\">3,85 millones de habitantes<\/strong>, la mayor\u00eda de los cuales son <strong data-start=\"911\" data-end=\"922\">croatas<\/strong>, y la <strong data-start=\"929\" data-end=\"980\">religi\u00f3n m\u00e1s extendida es el catolicismo romano<\/strong>.<\/p>\n<p data-start=\"985\" data-end=\"1504\">Debido a su relieve y clima, Croacia puede subdividirse en varias <strong data-start=\"1051\" data-end=\"1067\">ecorregiones<\/strong>, lo que la convierte en uno de los pa\u00edses m\u00e1s ricos de Europa en t\u00e9rminos de <strong data-start=\"1145\" data-end=\"1162\">biodiversidad<\/strong>.<br data-start=\"1163\" data-end=\"1166\" \/>Existen <strong data-start=\"1174\" data-end=\"1229\">cuatro tipos principales de regiones biogeogr\u00e1ficas<\/strong>: la <strong data-start=\"1236\" data-end=\"1252\">mediterr\u00e1nea<\/strong>, a lo largo de la costa y su franja interior inmediata; la <strong data-start=\"1314\" data-end=\"1324\">alpina<\/strong>, en la mayor parte de <strong data-start=\"1347\" data-end=\"1355\">Lika<\/strong> y <strong data-start=\"1358\" data-end=\"1374\">Gorski Kotar<\/strong>; la <strong data-start=\"1381\" data-end=\"1393\">pan\u00f3nica<\/strong>, a lo largo de los r\u00edos <strong data-start=\"1418\" data-end=\"1427\">Drava<\/strong> y <strong data-start=\"1430\" data-end=\"1441\">Danubio<\/strong>; y la <strong data-start=\"1450\" data-end=\"1465\">continental<\/strong>, que abarca el resto del territorio.\u00a0Uno de los ecosistemas m\u00e1s importantes son los <strong data-start=\"1553\" data-end=\"1575\">h\u00e1bitats c\u00e1rsticos<\/strong>, que incluyen el karst sumergido \u2014como los ca\u00f1ones de <strong data-start=\"1630\" data-end=\"1641\">Zrmanja<\/strong> y <strong data-start=\"1644\" data-end=\"1652\">Krka<\/strong>\u2014, las <strong data-start=\"1659\" data-end=\"1679\">barreras de toba<\/strong> y diversas <strong data-start=\"1691\" data-end=\"1725\">cuevas y sistemas subterr\u00e1neos<\/strong>. Estos paisajes hacen de Croacia un pa\u00eds especialmente rico y variado en su naturaleza dentro del continente europeo.<\/p>\n<p style=\"text-align: justify;\"><img loading=\"lazy\" decoding=\"async\" class=\"alignleft size-medium wp-image-276\" src=\"http:\/\/rarathemesdemo.com\/education-zone\/wp-content\/uploads\/sites\/25\/2016\/11\/chef-939437_1280-300x235.jpg\" alt=\"\" width=\"300\" height=\"235\" srcset=\"https:\/\/escolaj.com\/wp-content\/uploads\/2016\/11\/chef-939437_1280-300x235.jpg 300w, https:\/\/escolaj.com\/wp-content\/uploads\/2016\/11\/chef-939437_1280-768x602.jpg 768w, https:\/\/escolaj.com\/wp-content\/uploads\/2016\/11\/chef-939437_1280.jpg 800w\" sizes=\"auto, (max-width: 300px) 100vw, 300px\" \/><\/p>\n<p data-start=\"136\" data-end=\"429\">Los <strong data-start=\"140\" data-end=\"151\">croatas<\/strong> llegaron al territorio de la actual <strong data-start=\"188\" data-end=\"199\">Croacia<\/strong> a comienzos del <strong data-start=\"216\" data-end=\"235\">siglo VII d. C. <\/strong>Para el <strong data-start=\"246\" data-end=\"258\">siglo IX<\/strong>, hab\u00edan organizado su Estado en <strong data-start=\"291\" data-end=\"306\">dos ducados<\/strong>. En el a\u00f1o <strong data-start=\"320\" data-end=\"327\" data-is-only-node=\"\">925<\/strong>, <strong data-start=\"329\" data-end=\"341\">Tomislav<\/strong> se convirti\u00f3 en el <strong data-start=\"361\" data-end=\"386\">primer rey de Croacia<\/strong>, elevando el pa\u00eds al rango de <strong data-start=\"417\" data-end=\"426\">reino<\/strong>.\u00a0El <strong data-start=\"434\" data-end=\"454\">Reino de Croacia<\/strong> mantuvo su soberan\u00eda durante casi <strong data-start=\"489\" data-end=\"503\">dos siglos<\/strong>, alcanzando su m\u00e1ximo esplendor bajo los reinados de los reyes <strong data-start=\"567\" data-end=\"588\">Pedro Kre\u0161imir IV<\/strong> y <strong data-start=\"591\" data-end=\"612\">Demetrio Zvonimir<\/strong>.\u00a0En <strong data-start=\"620\" data-end=\"628\">1102<\/strong>, Croacia entr\u00f3 en una <strong data-start=\"651\" data-end=\"681\">uni\u00f3n personal con Hungr\u00eda<\/strong>. Posteriormente, en <strong data-start=\"704\" data-end=\"712\">1527<\/strong>, ante la amenaza de la <strong data-start=\"736\" data-end=\"757\">conquista otomana<\/strong>, el <strong data-start=\"762\" data-end=\"783\">Parlamento croata<\/strong> eligi\u00f3 a <strong data-start=\"793\" data-end=\"831\">Fernando I de la Casa de Habsburgo<\/strong> como rey de Croacia.\u00a0En <strong data-start=\"859\" data-end=\"867\">1918<\/strong>, tras la <strong data-start=\"877\" data-end=\"903\">Primera Guerra Mundial<\/strong>, Croacia pas\u00f3 a formar parte del <strong data-start=\"937\" data-end=\"979\">Estado de Eslovenos, Croatas y Serbios<\/strong>, una entidad no reconocida internacionalmente que se separ\u00f3 de Austria-Hungr\u00eda y se integr\u00f3 en el <strong data-start=\"1078\" data-end=\"1101\">Reino de Yugoslavia<\/strong>.\u00a0Durante la <strong data-start=\"1117\" data-end=\"1143\">Segunda Guerra Mundial<\/strong>, existi\u00f3 el <strong data-start=\"1156\" data-end=\"1191\">Estado Independiente de Croacia<\/strong>, respaldado por la <strong data-start=\"1211\" data-end=\"1230\">Italia fascista<\/strong> y <strong data-start=\"1233\" data-end=\"1245\">Alemania<\/strong>. Tras la guerra, Croacia se convirti\u00f3 en <strong data-start=\"1289\" data-end=\"1309\">miembro fundador<\/strong> y <strong data-start=\"1312\" data-end=\"1347\">rep\u00fablica federal constituyente<\/strong> de la <strong data-start=\"1354\" data-end=\"1403\" data-is-only-node=\"\">Rep\u00fablica Federativa Socialista de Yugoslavia<\/strong>, un Estado de car\u00e1cter constitucionalmente socialista.<\/p>\n<p style=\"text-align: justify;\"><img loading=\"lazy\" decoding=\"async\" class=\"size-medium wp-image-181 alignright\" src=\"http:\/\/rarathemesdemo.com\/education-zone\/wp-content\/uploads\/sites\/25\/2016\/11\/surfing-1622182_1280-300x199.jpg\" alt=\"\" width=\"300\" height=\"199\" srcset=\"https:\/\/escolaj.com\/wp-content\/uploads\/2016\/11\/surfing-1622182_1280-300x199.jpg 300w, https:\/\/escolaj.com\/wp-content\/uploads\/2016\/11\/surfing-1622182_1280-768x510.jpg 768w, https:\/\/escolaj.com\/wp-content\/uploads\/2016\/11\/surfing-1622182_1280.jpg 800w\" sizes=\"auto, (max-width: 300px) 100vw, 300px\" \/><\/p>\n<p data-start=\"151\" data-end=\"458\"><strong data-start=\"151\" data-end=\"162\">Croacia<\/strong> es un <strong data-start=\"169\" data-end=\"188\">Estado unitario<\/strong> y una <strong data-start=\"195\" data-end=\"208\">rep\u00fablica<\/strong> gobernada bajo un <strong data-start=\"227\" data-end=\"252\">sistema parlamentario<\/strong>. El <strong data-start=\"259\" data-end=\"298\">Fondo Monetario Internacional (FMI)<\/strong> clasifica a Croacia como una <strong data-start=\"328\" data-end=\"366\">econom\u00eda emergente y en desarrollo<\/strong>, mientras que el <strong data-start=\"384\" data-end=\"401\">Banco Mundial<\/strong> la identifica como una <strong data-start=\"425\" data-end=\"455\">econom\u00eda de ingresos altos<\/strong>.\u00a0Croacia es miembro de la <strong data-start=\"485\" data-end=\"507\">Uni\u00f3n Europea (UE)<\/strong>, las <strong data-start=\"513\" data-end=\"538\">Naciones Unidas (ONU)<\/strong>, el <strong data-start=\"543\" data-end=\"564\">Consejo de Europa<\/strong>, la <strong data-start=\"569\" data-end=\"577\">OTAN<\/strong>, la <strong data-start=\"582\" data-end=\"625\">Organizaci\u00f3n Mundial del Comercio (OMC)<\/strong> y es <strong data-start=\"631\" data-end=\"683\">miembro fundador de la Uni\u00f3n por el Mediterr\u00e1neo<\/strong>. Como participante activo en las <strong data-start=\"720\" data-end=\"768\">fuerzas de mantenimiento de la paz de la ONU<\/strong>, Croacia ha contribuido con tropas a la <strong data-start=\"809\" data-end=\"854\">misi\u00f3n liderada por la OTAN en Afganist\u00e1n<\/strong> y ocup\u00f3 un <strong data-start=\"866\" data-end=\"941\">asiento no permanente en el Consejo de Seguridad de las Naciones Unidas<\/strong> durante el per\u00edodo <strong data-start=\"961\" data-end=\"974\">2008\u20132009<\/strong>.\u00a0La <strong data-start=\"982\" data-end=\"1011\">precipitaci\u00f3n media anual<\/strong> en Croacia var\u00eda entre <strong data-start=\"1035\" data-end=\"1053\">600 mil\u00edmetros<\/strong> y <strong data-start=\"1056\" data-end=\"1076\">3.500 mil\u00edmetros<\/strong>, dependiendo de la regi\u00f3n geogr\u00e1fica y del tipo de clima predominante. Las menores precipitaciones se registran en las <strong data-start=\"1198\" data-end=\"1218\">islas exteriores<\/strong> (<em data-start=\"1220\" data-end=\"1251\">Vis, Lastovo, Bi\u0161evo y Svetac<\/em>) y en las *<em data-start=\"1263\" data-end=\"1294\" data-is-only-node=\"\">zonas orientales de Eslavonia<\/em>; en este \u00faltimo caso, la lluvia se concentra principalmente durante la <strong data-start=\"1366\" data-end=\"1403\">temporada de crecimiento agr\u00edcola<\/strong>.<\/p>\n<p data-start=\"173\" data-end=\"292\">Los <strong data-start=\"177\" data-end=\"213\">niveles m\u00e1ximos de precipitaci\u00f3n<\/strong> se registran en la <strong data-start=\"233\" data-end=\"254\">cordillera Dinara<\/strong> y en la regi\u00f3n de <strong data-start=\"273\" data-end=\"289\">Gorski Kotar<\/strong>.\u00a0El <strong data-start=\"297\" data-end=\"317\">sector servicios<\/strong> domina la <strong data-start=\"328\" data-end=\"351\">econom\u00eda de Croacia<\/strong>, seguido por la <strong data-start=\"368\" data-end=\"381\">industria<\/strong> y la <strong data-start=\"387\" data-end=\"402\">agricultura<\/strong>. El <strong data-start=\"409\" data-end=\"420\">turismo<\/strong> representa una fuente importante de ingresos durante el verano: Croacia ocupa el <strong data-start=\"502\" data-end=\"569\" data-is-only-node=\"\">puesto 18 entre los destinos tur\u00edsticos m\u00e1s visitados del mundo<\/strong>.\u00a0El <strong data-start=\"577\" data-end=\"587\">Estado<\/strong> mantiene el control de una parte de la econom\u00eda, con un <strong data-start=\"644\" data-end=\"674\">gasto p\u00fablico considerable<\/strong>. La <strong data-start=\"681\" data-end=\"698\">Uni\u00f3n Europea<\/strong> es el <strong data-start=\"705\" data-end=\"734\">principal socio comercial<\/strong> de Croacia. El <strong data-start=\"752\" data-end=\"771\">Gobierno croata<\/strong> realiza inversiones constantes en <strong data-start=\"806\" data-end=\"825\">infraestructura<\/strong>, especialmente en <strong data-start=\"844\" data-end=\"883\">rutas de transporte y equipamientos<\/strong> situados a lo largo de los <strong data-start=\"911\" data-end=\"937\">corredores paneuropeos<\/strong>.\u00a0Croacia produce <strong data-start=\"958\" data-end=\"999\">una parte significativa de su energ\u00eda<\/strong> mediante recursos internos, mientras que el resto se <strong data-start=\"1053\" data-end=\"1064\">importa<\/strong>. El pa\u00eds ofrece un <strong data-start=\"1086\" data-end=\"1118\">sistema de sanidad universal<\/strong> y <strong data-start=\"1121\" data-end=\"1166\">educaci\u00f3n primaria y secundaria gratuitas<\/strong>, adem\u00e1s de <strong data-start=\"1178\" data-end=\"1199\">apoyar la cultura<\/strong> a trav\u00e9s de numerosas instituciones p\u00fablicas y de <strong data-start=\"1250\" data-end=\"1314\" data-is-only-node=\"\">inversiones privadas en medios de comunicaci\u00f3n y editoriales<\/strong>.<\/p>\n","protected":false},"excerpt":{"rendered":"<p>Croacia es un pa\u00eds situado en el cruce entre Europa Central, el Sudeste de Europa y el Mediterr\u00e1neo.Su capital es &hellip; <\/p>\n","protected":false},"author":1,"featured_media":142,"parent":0,"menu_order":0,"comment_status":"closed","ping_status":"closed","template":"","meta":{"footnotes":""},"class_list":["post-141","page","type-page","status-publish","has-post-thumbnail","hentry"],"yoast_head":"<!-- This site is optimized with the Yoast SEO plugin v26.0 - https:\/\/yoast.com\/wordpress\/plugins\/seo\/ -->\n<title>Mi viaje a Croacia - Escolaj<\/title>\n<meta name=\"robots\" content=\"index, follow, max-snippet:-1, max-image-preview:large, max-video-preview:-1\" \/>\n<link rel=\"canonical\" href=\"https:\/\/escolaj.com\/index.php\/my-trip-to-greece\/\" \/>\n<meta property=\"og:locale\" content=\"es_ES\" \/>\n<meta property=\"og:type\" content=\"article\" \/>\n<meta property=\"og:title\" content=\"Mi viaje a Croacia - Escolaj\" \/>\n<meta property=\"og:description\" content=\"Croacia es un pa\u00eds situado en el cruce entre Europa Central, el Sudeste de Europa y el Mediterr\u00e1neo.Su capital es &hellip;\" \/>\n<meta property=\"og:url\" content=\"https:\/\/escolaj.com\/index.php\/my-trip-to-greece\/\" \/>\n<meta property=\"og:site_name\" content=\"Escolaj\" \/>\n<meta property=\"article:modified_time\" content=\"2025-10-05T08:56:07+00:00\" \/>\n<meta property=\"og:image\" content=\"https:\/\/escolaj.com\/wp-content\/uploads\/2016\/11\/greece.jpg\" \/>\n\t<meta property=\"og:image:width\" content=\"1380\" \/>\n\t<meta property=\"og:image:height\" content=\"870\" \/>\n\t<meta property=\"og:image:type\" content=\"image\/jpeg\" \/>\n<meta name=\"twitter:card\" content=\"summary_large_image\" \/>\n<meta name=\"twitter:label1\" content=\"Tiempo de lectura\" \/>\n\t<meta name=\"twitter:data1\" content=\"5 minutos\" \/>\n<script type=\"application\/ld+json\" class=\"yoast-schema-graph\">{\"@context\":\"https:\/\/schema.org\",\"@graph\":[{\"@type\":\"WebPage\",\"@id\":\"https:\/\/escolaj.com\/index.php\/my-trip-to-greece\/\",\"url\":\"https:\/\/escolaj.com\/index.php\/my-trip-to-greece\/\",\"name\":\"Mi viaje a Croacia - Escolaj\",\"isPartOf\":{\"@id\":\"https:\/\/escolaj.com\/#website\"},\"primaryImageOfPage\":{\"@id\":\"https:\/\/escolaj.com\/index.php\/my-trip-to-greece\/#primaryimage\"},\"image\":{\"@id\":\"https:\/\/escolaj.com\/index.php\/my-trip-to-greece\/#primaryimage\"},\"thumbnailUrl\":\"https:\/\/escolaj.com\/wp-content\/uploads\/2016\/11\/greece.jpg\",\"datePublished\":\"2016-11-08T11:22:07+00:00\",\"dateModified\":\"2025-10-05T08:56:07+00:00\",\"breadcrumb\":{\"@id\":\"https:\/\/escolaj.com\/index.php\/my-trip-to-greece\/#breadcrumb\"},\"inLanguage\":\"es\",\"potentialAction\":[{\"@type\":\"ReadAction\",\"target\":[\"https:\/\/escolaj.com\/index.php\/my-trip-to-greece\/\"]}]},{\"@type\":\"ImageObject\",\"inLanguage\":\"es\",\"@id\":\"https:\/\/escolaj.com\/index.php\/my-trip-to-greece\/#primaryimage\",\"url\":\"https:\/\/escolaj.com\/wp-content\/uploads\/2016\/11\/greece.jpg\",\"contentUrl\":\"https:\/\/escolaj.com\/wp-content\/uploads\/2016\/11\/greece.jpg\",\"width\":1380,\"height\":870},{\"@type\":\"BreadcrumbList\",\"@id\":\"https:\/\/escolaj.com\/index.php\/my-trip-to-greece\/#breadcrumb\",\"itemListElement\":[{\"@type\":\"ListItem\",\"position\":1,\"name\":\"Portada\",\"item\":\"https:\/\/escolaj.com\/\"},{\"@type\":\"ListItem\",\"position\":2,\"name\":\"Mi viaje a Croacia\"}]},{\"@type\":\"WebSite\",\"@id\":\"https:\/\/escolaj.com\/#website\",\"url\":\"https:\/\/escolaj.com\/\",\"name\":\"Escolaj\",\"description\":\"\",\"publisher\":{\"@id\":\"https:\/\/escolaj.com\/#organization\"},\"potentialAction\":[{\"@type\":\"SearchAction\",\"target\":{\"@type\":\"EntryPoint\",\"urlTemplate\":\"https:\/\/escolaj.com\/?s={search_term_string}\"},\"query-input\":{\"@type\":\"PropertyValueSpecification\",\"valueRequired\":true,\"valueName\":\"search_term_string\"}}],\"inLanguage\":\"es\"},{\"@type\":\"Organization\",\"@id\":\"https:\/\/escolaj.com\/#organization\",\"name\":\"Escolaj\",\"url\":\"https:\/\/escolaj.com\/\",\"logo\":{\"@type\":\"ImageObject\",\"inLanguage\":\"es\",\"@id\":\"https:\/\/escolaj.com\/#\/schema\/logo\/image\/\",\"url\":\"https:\/\/escolaj.com\/wp-content\/uploads\/2025\/10\/escolaj-photo_2025-10-05_10-59-00.jpg\",\"contentUrl\":\"https:\/\/escolaj.com\/wp-content\/uploads\/2025\/10\/escolaj-photo_2025-10-05_10-59-00.jpg\",\"width\":986,\"height\":1074,\"caption\":\"Escolaj\"},\"image\":{\"@id\":\"https:\/\/escolaj.com\/#\/schema\/logo\/image\/\"}}]}<\/script>\n<!-- \/ Yoast SEO plugin. -->","yoast_head_json":{"title":"Mi viaje a Croacia - Escolaj","robots":{"index":"index","follow":"follow","max-snippet":"max-snippet:-1","max-image-preview":"max-image-preview:large","max-video-preview":"max-video-preview:-1"},"canonical":"https:\/\/escolaj.com\/index.php\/my-trip-to-greece\/","og_locale":"es_ES","og_type":"article","og_title":"Mi viaje a Croacia - Escolaj","og_description":"Croacia es un pa\u00eds situado en el cruce entre Europa Central, el Sudeste de Europa y el Mediterr\u00e1neo.Su capital es &hellip;","og_url":"https:\/\/escolaj.com\/index.php\/my-trip-to-greece\/","og_site_name":"Escolaj","article_modified_time":"2025-10-05T08:56:07+00:00","og_image":[{"width":1380,"height":870,"url":"https:\/\/escolaj.com\/wp-content\/uploads\/2016\/11\/greece.jpg","type":"image\/jpeg"}],"twitter_card":"summary_large_image","twitter_misc":{"Tiempo de lectura":"5 minutos"},"schema":{"@context":"https:\/\/schema.org","@graph":[{"@type":"WebPage","@id":"https:\/\/escolaj.com\/index.php\/my-trip-to-greece\/","url":"https:\/\/escolaj.com\/index.php\/my-trip-to-greece\/","name":"Mi viaje a Croacia - Escolaj","isPartOf":{"@id":"https:\/\/escolaj.com\/#website"},"primaryImageOfPage":{"@id":"https:\/\/escolaj.com\/index.php\/my-trip-to-greece\/#primaryimage"},"image":{"@id":"https:\/\/escolaj.com\/index.php\/my-trip-to-greece\/#primaryimage"},"thumbnailUrl":"https:\/\/escolaj.com\/wp-content\/uploads\/2016\/11\/greece.jpg","datePublished":"2016-11-08T11:22:07+00:00","dateModified":"2025-10-05T08:56:07+00:00","breadcrumb":{"@id":"https:\/\/escolaj.com\/index.php\/my-trip-to-greece\/#breadcrumb"},"inLanguage":"es","potentialAction":[{"@type":"ReadAction","target":["https:\/\/escolaj.com\/index.php\/my-trip-to-greece\/"]}]},{"@type":"ImageObject","inLanguage":"es","@id":"https:\/\/escolaj.com\/index.php\/my-trip-to-greece\/#primaryimage","url":"https:\/\/escolaj.com\/wp-content\/uploads\/2016\/11\/greece.jpg","contentUrl":"https:\/\/escolaj.com\/wp-content\/uploads\/2016\/11\/greece.jpg","width":1380,"height":870},{"@type":"BreadcrumbList","@id":"https:\/\/escolaj.com\/index.php\/my-trip-to-greece\/#breadcrumb","itemListElement":[{"@type":"ListItem","position":1,"name":"Portada","item":"https:\/\/escolaj.com\/"},{"@type":"ListItem","position":2,"name":"Mi viaje a Croacia"}]},{"@type":"WebSite","@id":"https:\/\/escolaj.com\/#website","url":"https:\/\/escolaj.com\/","name":"Escolaj","description":"","publisher":{"@id":"https:\/\/escolaj.com\/#organization"},"potentialAction":[{"@type":"SearchAction","target":{"@type":"EntryPoint","urlTemplate":"https:\/\/escolaj.com\/?s={search_term_string}"},"query-input":{"@type":"PropertyValueSpecification","valueRequired":true,"valueName":"search_term_string"}}],"inLanguage":"es"},{"@type":"Organization","@id":"https:\/\/escolaj.com\/#organization","name":"Escolaj","url":"https:\/\/escolaj.com\/","logo":{"@type":"ImageObject","inLanguage":"es","@id":"https:\/\/escolaj.com\/#\/schema\/logo\/image\/","url":"https:\/\/escolaj.com\/wp-content\/uploads\/2025\/10\/escolaj-photo_2025-10-05_10-59-00.jpg","contentUrl":"https:\/\/escolaj.com\/wp-content\/uploads\/2025\/10\/escolaj-photo_2025-10-05_10-59-00.jpg","width":986,"height":1074,"caption":"Escolaj"},"image":{"@id":"https:\/\/escolaj.com\/#\/schema\/logo\/image\/"}}]}},"_links":{"self":[{"href":"https:\/\/escolaj.com\/index.php\/wp-json\/wp\/v2\/pages\/141","targetHints":{"allow":["GET"]}}],"collection":[{"href":"https:\/\/escolaj.com\/index.php\/wp-json\/wp\/v2\/pages"}],"about":[{"href":"https:\/\/escolaj.com\/index.php\/wp-json\/wp\/v2\/types\/page"}],"author":[{"embeddable":true,"href":"https:\/\/escolaj.com\/index.php\/wp-json\/wp\/v2\/users\/1"}],"replies":[{"embeddable":true,"href":"https:\/\/escolaj.com\/index.php\/wp-json\/wp\/v2\/comments?post=141"}],"version-history":[{"count":2,"href":"https:\/\/escolaj.com\/index.php\/wp-json\/wp\/v2\/pages\/141\/revisions"}],"predecessor-version":[{"id":407,"href":"https:\/\/escolaj.com\/index.php\/wp-json\/wp\/v2\/pages\/141\/revisions\/407"}],"wp:featuredmedia":[{"embeddable":true,"href":"https:\/\/escolaj.com\/index.php\/wp-json\/wp\/v2\/media\/142"}],"wp:attachment":[{"href":"https:\/\/escolaj.com\/index.php\/wp-json\/wp\/v2\/media?parent=141"}],"curies":[{"name":"wp","href":"https:\/\/api.w.org\/{rel}","templated":true}]}}